{"id":2186,"date":"2023-01-13T11:25:34","date_gmt":"2023-01-13T11:25:34","guid":{"rendered":"https:\/\/jossois.outweb.pt\/?post_type=product&#038;p=2186"},"modified":"2025-04-17T16:25:58","modified_gmt":"2025-04-17T16:25:58","slug":"guarda-sol-elite-telescopico","status":"publish","type":"product","link":"https:\/\/www.jossois.com\/de\/produto\/guarda-sol-elite-telescopico\/","title":{"rendered":"Guarda-sol Elite Telesc\u00f3pico"},"content":{"rendered":"<div class=\"elementor-element elementor-element-2401917 elementor-widget elementor-widget-heading\" data-id=\"2401917\" data-element_type=\"widget\" data-widget_type=\"heading.default\">\n<div class=\"elementor-widget-container\">\n<h3 class=\"elementor-heading-title elementor-size-default\">S\u00f3lido e Eficaz<\/h3>\n<\/div>\n<\/div>\n<div class=\"elementor-element elementor-element-87fbf4c elementor-widget elementor-widget-text-editor\" data-id=\"87fbf4c\" data-element_type=\"widget\" data-widget_type=\"text-editor.default\">\n<div class=\"elementor-widget-container\">\n<div class=\"elementor-text-editor elementor-clearfix\">\n<p>Um guarda-sol preparado para qualquer situa\u00e7\u00e3o.<\/p>\n<p>Haste de 70mm em alum\u00ednio. Arma\u00e7\u00e3o de alum\u00ednio e a\u00e7o lacado a branco.<\/p>\n<p>Tem mecanismo de abertura telesc\u00f3pica.<\/p>\n<div class=\"elementor-element elementor-element-239ecbe elementor-widget elementor-widget-heading\" data-id=\"239ecbe\" data-element_type=\"widget\" data-widget_type=\"heading.default\">\n<div class=\"elementor-widget-container\">\n<h3><\/h3>\n<h3 class=\"elementor-heading-title elementor-size-default\">Adapt\u00e1vel e Personaliz\u00e1vel<\/h3>\n<\/div>\n<\/div>\n<div class=\"elementor-element elementor-element-b9f9b0d elementor-widget elementor-widget-text-editor\" data-id=\"b9f9b0d\" data-element_type=\"widget\" data-widget_type=\"text-editor.default\">\n<div class=\"elementor-widget-container\">\n<div class=\"elementor-text-editor elementor-clearfix\">\n<p>Este chap\u00e9u de sol est\u00e1 dispon\u00edvel em v\u00e1rios formatos, desde redondo a quadrangular ou retangular.<\/p>\n<p>Apesar do tecido do modelo original ser acr\u00edlico, existe a alternativa de personaliza\u00e7\u00e3o com outro tecido do nosso cat\u00e1logo, nomeadamente um polyester ou um tecido retardante de fogo.<\/p>\n<\/div>\n<\/div>\n<\/div>\n<\/div>\n<\/div>\n<\/div>\n","protected":false},"excerpt":{"rendered":"<p>Guarda-sol com abertura telesc\u00f3pica<\/p>\n<p>Dispon\u00edvel em v\u00e1rias medidas<\/p>\n","protected":false},"featured_media":3782,"comment_status":"open","ping_status":"closed","template":"","meta":[],"product_cat":[26,36],"product_tag":[],"class_list":{"0":"post-2186","1":"product","2":"type-product","3":"status-publish","4":"has-post-thumbnail","6":"product_cat-guarda-sois","7":"product_cat-colecao-premium","9":"first","10":"instock","11":"shipping-taxable","12":"product-type-simple"},"acf":[],"yoast_head":"<!-- This site is optimized with the Yoast SEO plugin v23.0 - https:\/\/yoast.com\/wordpress\/plugins\/seo\/ -->\n<title>Guarda-sol Elite Telesc\u00f3pico - Jossois<\/title>\n<meta name=\"description\" content=\"Guarda-sol robusto e profissional, ideal para hot\u00e9is, caf\u00e9s e esplanadas. Alta durabilidade, design elegante e prote\u00e7\u00e3o solar eficaz.\" \/>\n<meta name=\"robots\" content=\"index, follow, max-snippet:-1, max-image-preview:large, max-video-preview:-1\" \/>\n<link rel=\"canonical\" href=\"https:\/\/www.jossois.com\/produto\/guarda-sol-elite-telescopico\/\" \/>\n<meta property=\"og:locale\" content=\"de_DE\" \/>\n<meta property=\"og:type\" content=\"article\" \/>\n<meta property=\"og:title\" content=\"Guarda-sol Elite Telesc\u00f3pico - Jossois\" \/>\n<meta property=\"og:description\" content=\"Guarda-sol robusto e profissional, ideal para hot\u00e9is, caf\u00e9s e esplanadas. Alta durabilidade, design elegante e prote\u00e7\u00e3o solar eficaz.\" \/>\n<meta property=\"og:url\" content=\"https:\/\/www.jossois.com\/produto\/guarda-sol-elite-telescopico\/\" \/>\n<meta property=\"og:site_name\" content=\"Jossois\" \/>\n<meta property=\"article:modified_time\" content=\"2025-04-17T16:25:58+00:00\" \/>\n<meta property=\"og:image\" content=\"https:\/\/www.jossois.com\/wp-content\/uploads\/2023\/01\/guarda-sol-Elite-Telescopio.png\" \/>\n\t<meta property=\"og:image:width\" content=\"900\" \/>\n\t<meta property=\"og:image:height\" content=\"900\" \/>\n\t<meta property=\"og:image:type\" content=\"image\/png\" \/>\n<meta name=\"twitter:card\" content=\"summary_large_image\" \/>\n<meta name=\"twitter:label1\" content=\"Gesch\u00e4tzte Lesezeit\" \/>\n\t<meta name=\"twitter:data1\" content=\"1\u00a0Minute\" \/>\n<script type=\"application\/ld+json\" class=\"yoast-schema-graph\">{\"@context\":\"https:\/\/schema.org\",\"@graph\":[{\"@type\":\"WebPage\",\"@id\":\"https:\/\/www.jossois.com\/produto\/guarda-sol-elite-telescopico\/\",\"url\":\"https:\/\/www.jossois.com\/produto\/guarda-sol-elite-telescopico\/\",\"name\":\"Guarda-sol Elite Telesc\u00f3pico - Jossois\",\"isPartOf\":{\"@id\":\"https:\/\/www.jossois.com\/#website\"},\"primaryImageOfPage\":{\"@id\":\"https:\/\/www.jossois.com\/produto\/guarda-sol-elite-telescopico\/#primaryimage\"},\"image\":{\"@id\":\"https:\/\/www.jossois.com\/produto\/guarda-sol-elite-telescopico\/#primaryimage\"},\"thumbnailUrl\":\"https:\/\/www.jossois.com\/wp-content\/uploads\/2023\/01\/guarda-sol-Elite-Telescopio.png\",\"datePublished\":\"2023-01-13T11:25:34+00:00\",\"dateModified\":\"2025-04-17T16:25:58+00:00\",\"description\":\"Guarda-sol robusto e profissional, ideal para hot\u00e9is, caf\u00e9s e esplanadas. Alta durabilidade, design elegante e prote\u00e7\u00e3o solar eficaz.\",\"breadcrumb\":{\"@id\":\"https:\/\/www.jossois.com\/produto\/guarda-sol-elite-telescopico\/#breadcrumb\"},\"inLanguage\":\"de\",\"potentialAction\":[{\"@type\":\"ReadAction\",\"target\":[\"https:\/\/www.jossois.com\/produto\/guarda-sol-elite-telescopico\/\"]}]},{\"@type\":\"ImageObject\",\"inLanguage\":\"de\",\"@id\":\"https:\/\/www.jossois.com\/produto\/guarda-sol-elite-telescopico\/#primaryimage\",\"url\":\"https:\/\/www.jossois.com\/wp-content\/uploads\/2023\/01\/guarda-sol-Elite-Telescopio.png\",\"contentUrl\":\"https:\/\/www.jossois.com\/wp-content\/uploads\/2023\/01\/guarda-sol-Elite-Telescopio.png\",\"width\":900,\"height\":900,\"caption\":\"guarda-sol Elite Telescopio\"},{\"@type\":\"BreadcrumbList\",\"@id\":\"https:\/\/www.jossois.com\/produto\/guarda-sol-elite-telescopico\/#breadcrumb\",\"itemListElement\":[{\"@type\":\"ListItem\",\"position\":1,\"name\":\"In\u00edcio\",\"item\":\"https:\/\/www.jossois.com\/de\/\"},{\"@type\":\"ListItem\",\"position\":2,\"name\":\"Shop\",\"item\":\"https:\/\/www.jossois.com\/de\/shop\/\"},{\"@type\":\"ListItem\",\"position\":3,\"name\":\"Guarda-sol Elite Telesc\u00f3pico\"}]},{\"@type\":\"WebSite\",\"@id\":\"https:\/\/www.jossois.com\/#website\",\"url\":\"https:\/\/www.jossois.com\/\",\"name\":\"Jossois\",\"description\":\"Fabricante de Guarda-S\u00f3is e Guarda-Chuvas\",\"potentialAction\":[{\"@type\":\"SearchAction\",\"target\":{\"@type\":\"EntryPoint\",\"urlTemplate\":\"https:\/\/www.jossois.com\/?s={search_term_string}\"},\"query-input\":\"required name=search_term_string\"}],\"inLanguage\":\"de\"}]}<\/script>\n<!-- \/ Yoast SEO plugin. -->","yoast_head_json":{"title":"Guarda-sol Elite Telesc\u00f3pico - Jossois","description":"Guarda-sol robusto e profissional, ideal para hot\u00e9is, caf\u00e9s e esplanadas. Alta durabilidade, design elegante e prote\u00e7\u00e3o solar eficaz.","robots":{"index":"index","follow":"follow","max-snippet":"max-snippet:-1","max-image-preview":"max-image-preview:large","max-video-preview":"max-video-preview:-1"},"canonical":"https:\/\/www.jossois.com\/produto\/guarda-sol-elite-telescopico\/","og_locale":"de_DE","og_type":"article","og_title":"Guarda-sol Elite Telesc\u00f3pico - Jossois","og_description":"Guarda-sol robusto e profissional, ideal para hot\u00e9is, caf\u00e9s e esplanadas. Alta durabilidade, design elegante e prote\u00e7\u00e3o solar eficaz.","og_url":"https:\/\/www.jossois.com\/produto\/guarda-sol-elite-telescopico\/","og_site_name":"Jossois","article_modified_time":"2025-04-17T16:25:58+00:00","og_image":[{"width":900,"height":900,"url":"https:\/\/www.jossois.com\/wp-content\/uploads\/2023\/01\/guarda-sol-Elite-Telescopio.png","type":"image\/png"}],"twitter_card":"summary_large_image","twitter_misc":{"Gesch\u00e4tzte Lesezeit":"1\u00a0Minute"},"schema":{"@context":"https:\/\/schema.org","@graph":[{"@type":"WebPage","@id":"https:\/\/www.jossois.com\/produto\/guarda-sol-elite-telescopico\/","url":"https:\/\/www.jossois.com\/produto\/guarda-sol-elite-telescopico\/","name":"Guarda-sol Elite Telesc\u00f3pico - Jossois","isPartOf":{"@id":"https:\/\/www.jossois.com\/#website"},"primaryImageOfPage":{"@id":"https:\/\/www.jossois.com\/produto\/guarda-sol-elite-telescopico\/#primaryimage"},"image":{"@id":"https:\/\/www.jossois.com\/produto\/guarda-sol-elite-telescopico\/#primaryimage"},"thumbnailUrl":"https:\/\/www.jossois.com\/wp-content\/uploads\/2023\/01\/guarda-sol-Elite-Telescopio.png","datePublished":"2023-01-13T11:25:34+00:00","dateModified":"2025-04-17T16:25:58+00:00","description":"Guarda-sol robusto e profissional, ideal para hot\u00e9is, caf\u00e9s e esplanadas. Alta durabilidade, design elegante e prote\u00e7\u00e3o solar eficaz.","breadcrumb":{"@id":"https:\/\/www.jossois.com\/produto\/guarda-sol-elite-telescopico\/#breadcrumb"},"inLanguage":"de","potentialAction":[{"@type":"ReadAction","target":["https:\/\/www.jossois.com\/produto\/guarda-sol-elite-telescopico\/"]}]},{"@type":"ImageObject","inLanguage":"de","@id":"https:\/\/www.jossois.com\/produto\/guarda-sol-elite-telescopico\/#primaryimage","url":"https:\/\/www.jossois.com\/wp-content\/uploads\/2023\/01\/guarda-sol-Elite-Telescopio.png","contentUrl":"https:\/\/www.jossois.com\/wp-content\/uploads\/2023\/01\/guarda-sol-Elite-Telescopio.png","width":900,"height":900,"caption":"guarda-sol Elite Telescopio"},{"@type":"BreadcrumbList","@id":"https:\/\/www.jossois.com\/produto\/guarda-sol-elite-telescopico\/#breadcrumb","itemListElement":[{"@type":"ListItem","position":1,"name":"In\u00edcio","item":"https:\/\/www.jossois.com\/de\/"},{"@type":"ListItem","position":2,"name":"Shop","item":"https:\/\/www.jossois.com\/de\/shop\/"},{"@type":"ListItem","position":3,"name":"Guarda-sol Elite Telesc\u00f3pico"}]},{"@type":"WebSite","@id":"https:\/\/www.jossois.com\/#website","url":"https:\/\/www.jossois.com\/","name":"Jossois","description":"Fabricante de Guarda-S\u00f3is e Guarda-Chuvas","potentialAction":[{"@type":"SearchAction","target":{"@type":"EntryPoint","urlTemplate":"https:\/\/www.jossois.com\/?s={search_term_string}"},"query-input":"required name=search_term_string"}],"inLanguage":"de"}]}},"_links":{"self":[{"href":"https:\/\/www.jossois.com\/de\/wp-json\/wp\/v2\/product\/2186","targetHints":{"allow":["GET"]}}],"collection":[{"href":"https:\/\/www.jossois.com\/de\/wp-json\/wp\/v2\/product"}],"about":[{"href":"https:\/\/www.jossois.com\/de\/wp-json\/wp\/v2\/types\/product"}],"replies":[{"embeddable":true,"href":"https:\/\/www.jossois.com\/de\/wp-json\/wp\/v2\/comments?post=2186"}],"wp:featuredmedia":[{"embeddable":true,"href":"https:\/\/www.jossois.com\/de\/wp-json\/wp\/v2\/media\/3782"}],"wp:attachment":[{"href":"https:\/\/www.jossois.com\/de\/wp-json\/wp\/v2\/media?parent=2186"}],"wp:term":[{"taxonomy":"product_cat","embeddable":true,"href":"https:\/\/www.jossois.com\/de\/wp-json\/wp\/v2\/product_cat?post=2186"},{"taxonomy":"product_tag","embeddable":true,"href":"https:\/\/www.jossois.com\/de\/wp-json\/wp\/v2\/product_tag?post=2186"}],"curies":[{"name":"wp","href":"https:\/\/api.w.org\/{rel}","templated":true}]}}