{"id":2178,"date":"2023-01-13T11:20:24","date_gmt":"2023-01-13T11:20:24","guid":{"rendered":"https:\/\/jossois.outweb.pt\/?post_type=product&#038;p=2178"},"modified":"2025-04-17T16:27:06","modified_gmt":"2025-04-17T16:27:06","slug":"guarda-sol-elite","status":"publish","type":"product","link":"https:\/\/www.jossois.com\/es\/produto\/guarda-sol-elite\/","title":{"rendered":"Guarda-sol Elite Descentrado"},"content":{"rendered":"<div class=\"elementor-element elementor-element-2401917 elementor-widget elementor-widget-heading\" data-id=\"2401917\" data-element_type=\"widget\" data-widget_type=\"heading.default\">\n<div class=\"elementor-widget-container\">\n<h3 class=\"elementor-heading-title elementor-size-default\">Descentrado e Telesc\u00f3pico<\/h3>\n<\/div>\n<\/div>\n<div class=\"elementor-element elementor-element-87fbf4c elementor-widget elementor-widget-text-editor\" data-id=\"87fbf4c\" data-element_type=\"widget\" data-widget_type=\"text-editor.default\">\n<div class=\"elementor-widget-container\">\n<div class=\"elementor-text-editor elementor-clearfix\">\n<p>Um guarda-sol de haste descentrado.<\/p>\n<p>Haste de 70mm em alum\u00ednio.<\/p>\n<p>Tem mecanismo de abertura telesc\u00f3pica.<\/p>\n<div class=\"elementor-element elementor-element-239ecbe elementor-widget elementor-widget-heading\" data-id=\"239ecbe\" data-element_type=\"widget\" data-widget_type=\"heading.default\">\n<div class=\"elementor-widget-container\">\n<h3><\/h3>\n<h3 class=\"elementor-heading-title elementor-size-default\">Adapt\u00e1vel e Personaliz\u00e1vel<\/h3>\n<\/div>\n<\/div>\n<div class=\"elementor-element elementor-element-b9f9b0d elementor-widget elementor-widget-text-editor\" data-id=\"b9f9b0d\" data-element_type=\"widget\" data-widget_type=\"text-editor.default\">\n<div class=\"elementor-widget-container\">\n<div class=\"elementor-text-editor elementor-clearfix\">\n<p>Este chap\u00e9u de sol est\u00e1 dispon\u00edvel na vers\u00e3o de formato quadrado em v\u00e1rias medidas.<\/p>\n<p>Apesar do tecido do modelo original ser acr\u00edlico, existe a alternativa de personaliza\u00e7\u00e3o com outro tecido do nosso cat\u00e1logo, nomeadamente um polyester ou um tecido retardante de fogo.<\/p>\n<\/div>\n<\/div>\n<\/div>\n<\/div>\n<\/div>\n<\/div>\n<p>&nbsp;<\/p>\n","protected":false},"excerpt":{"rendered":"<p>Guarda-sol com haste descentrada com abertura telesc\u00f3pica<\/p>\n","protected":false},"featured_media":3781,"comment_status":"open","ping_status":"closed","template":"","meta":[],"product_cat":[26,36],"product_tag":[],"class_list":{"0":"post-2178","1":"product","2":"type-product","3":"status-publish","4":"has-post-thumbnail","6":"product_cat-guarda-sois","7":"product_cat-colecao-premium","9":"first","10":"instock","11":"shipping-taxable","12":"product-type-simple"},"acf":[],"yoast_head":"<!-- This site is optimized with the Yoast SEO plugin v23.0 - https:\/\/yoast.com\/wordpress\/plugins\/seo\/ -->\n<title>Guarda-sol Elite Descentrado - Jossois<\/title>\n<meta name=\"description\" content=\"Guarda-s\u00f3is robustos e profissionais, ideais para hot\u00e9is, caf\u00e9s e esplanadas. Alta durabilidade, design elegante e prote\u00e7\u00e3o solar eficaz.\" \/>\n<meta name=\"robots\" content=\"index, follow, max-snippet:-1, max-image-preview:large, max-video-preview:-1\" \/>\n<link rel=\"canonical\" href=\"https:\/\/www.jossois.com\/produto\/guarda-sol-elite\/\" \/>\n<meta property=\"og:locale\" content=\"es_ES\" \/>\n<meta property=\"og:type\" content=\"article\" \/>\n<meta property=\"og:title\" content=\"Guarda-sol Elite Descentrado - Jossois\" \/>\n<meta property=\"og:description\" content=\"Guarda-s\u00f3is robustos e profissionais, ideais para hot\u00e9is, caf\u00e9s e esplanadas. Alta durabilidade, design elegante e prote\u00e7\u00e3o solar eficaz.\" \/>\n<meta property=\"og:url\" content=\"https:\/\/www.jossois.com\/produto\/guarda-sol-elite\/\" \/>\n<meta property=\"og:site_name\" content=\"Jossois\" \/>\n<meta property=\"article:modified_time\" content=\"2025-04-17T16:27:06+00:00\" \/>\n<meta property=\"og:image\" content=\"https:\/\/www.jossois.com\/wp-content\/uploads\/2023\/01\/guarda-sol-Elite.png\" \/>\n\t<meta property=\"og:image:width\" content=\"900\" \/>\n\t<meta property=\"og:image:height\" content=\"900\" \/>\n\t<meta property=\"og:image:type\" content=\"image\/png\" \/>\n<meta name=\"twitter:card\" content=\"summary_large_image\" \/>\n<meta name=\"twitter:label1\" content=\"Tiempo de lectura\" \/>\n\t<meta name=\"twitter:data1\" content=\"1 minuto\" \/>\n<script type=\"application\/ld+json\" class=\"yoast-schema-graph\">{\"@context\":\"https:\/\/schema.org\",\"@graph\":[{\"@type\":\"WebPage\",\"@id\":\"https:\/\/www.jossois.com\/produto\/guarda-sol-elite\/\",\"url\":\"https:\/\/www.jossois.com\/produto\/guarda-sol-elite\/\",\"name\":\"Guarda-sol Elite Descentrado - Jossois\",\"isPartOf\":{\"@id\":\"https:\/\/www.jossois.com\/#website\"},\"primaryImageOfPage\":{\"@id\":\"https:\/\/www.jossois.com\/produto\/guarda-sol-elite\/#primaryimage\"},\"image\":{\"@id\":\"https:\/\/www.jossois.com\/produto\/guarda-sol-elite\/#primaryimage\"},\"thumbnailUrl\":\"https:\/\/www.jossois.com\/wp-content\/uploads\/2023\/01\/guarda-sol-Elite.png\",\"datePublished\":\"2023-01-13T11:20:24+00:00\",\"dateModified\":\"2025-04-17T16:27:06+00:00\",\"description\":\"Guarda-s\u00f3is robustos e profissionais, ideais para hot\u00e9is, caf\u00e9s e esplanadas. Alta durabilidade, design elegante e prote\u00e7\u00e3o solar eficaz.\",\"breadcrumb\":{\"@id\":\"https:\/\/www.jossois.com\/produto\/guarda-sol-elite\/#breadcrumb\"},\"inLanguage\":\"es\",\"potentialAction\":[{\"@type\":\"ReadAction\",\"target\":[\"https:\/\/www.jossois.com\/produto\/guarda-sol-elite\/\"]}]},{\"@type\":\"ImageObject\",\"inLanguage\":\"es\",\"@id\":\"https:\/\/www.jossois.com\/produto\/guarda-sol-elite\/#primaryimage\",\"url\":\"https:\/\/www.jossois.com\/wp-content\/uploads\/2023\/01\/guarda-sol-Elite.png\",\"contentUrl\":\"https:\/\/www.jossois.com\/wp-content\/uploads\/2023\/01\/guarda-sol-Elite.png\",\"width\":900,\"height\":900,\"caption\":\"guarda-sol Elite\"},{\"@type\":\"BreadcrumbList\",\"@id\":\"https:\/\/www.jossois.com\/produto\/guarda-sol-elite\/#breadcrumb\",\"itemListElement\":[{\"@type\":\"ListItem\",\"position\":1,\"name\":\"In\u00edcio\",\"item\":\"https:\/\/www.jossois.com\/es\/\"},{\"@type\":\"ListItem\",\"position\":2,\"name\":\"Tienda\",\"item\":\"https:\/\/www.jossois.com\/es\/tienda\/\"},{\"@type\":\"ListItem\",\"position\":3,\"name\":\"Guarda-sol Elite Descentrado\"}]},{\"@type\":\"WebSite\",\"@id\":\"https:\/\/www.jossois.com\/#website\",\"url\":\"https:\/\/www.jossois.com\/\",\"name\":\"Jossois\",\"description\":\"Fabricante de Guarda-S\u00f3is e Guarda-Chuvas\",\"potentialAction\":[{\"@type\":\"SearchAction\",\"target\":{\"@type\":\"EntryPoint\",\"urlTemplate\":\"https:\/\/www.jossois.com\/?s={search_term_string}\"},\"query-input\":\"required name=search_term_string\"}],\"inLanguage\":\"es\"}]}<\/script>\n<!-- \/ Yoast SEO plugin. -->","yoast_head_json":{"title":"Guarda-sol Elite Descentrado - Jossois","description":"Guarda-s\u00f3is robustos e profissionais, ideais para hot\u00e9is, caf\u00e9s e esplanadas. Alta durabilidade, design elegante e prote\u00e7\u00e3o solar eficaz.","robots":{"index":"index","follow":"follow","max-snippet":"max-snippet:-1","max-image-preview":"max-image-preview:large","max-video-preview":"max-video-preview:-1"},"canonical":"https:\/\/www.jossois.com\/produto\/guarda-sol-elite\/","og_locale":"es_ES","og_type":"article","og_title":"Guarda-sol Elite Descentrado - Jossois","og_description":"Guarda-s\u00f3is robustos e profissionais, ideais para hot\u00e9is, caf\u00e9s e esplanadas. Alta durabilidade, design elegante e prote\u00e7\u00e3o solar eficaz.","og_url":"https:\/\/www.jossois.com\/produto\/guarda-sol-elite\/","og_site_name":"Jossois","article_modified_time":"2025-04-17T16:27:06+00:00","og_image":[{"width":900,"height":900,"url":"https:\/\/www.jossois.com\/wp-content\/uploads\/2023\/01\/guarda-sol-Elite.png","type":"image\/png"}],"twitter_card":"summary_large_image","twitter_misc":{"Tiempo de lectura":"1 minuto"},"schema":{"@context":"https:\/\/schema.org","@graph":[{"@type":"WebPage","@id":"https:\/\/www.jossois.com\/produto\/guarda-sol-elite\/","url":"https:\/\/www.jossois.com\/produto\/guarda-sol-elite\/","name":"Guarda-sol Elite Descentrado - Jossois","isPartOf":{"@id":"https:\/\/www.jossois.com\/#website"},"primaryImageOfPage":{"@id":"https:\/\/www.jossois.com\/produto\/guarda-sol-elite\/#primaryimage"},"image":{"@id":"https:\/\/www.jossois.com\/produto\/guarda-sol-elite\/#primaryimage"},"thumbnailUrl":"https:\/\/www.jossois.com\/wp-content\/uploads\/2023\/01\/guarda-sol-Elite.png","datePublished":"2023-01-13T11:20:24+00:00","dateModified":"2025-04-17T16:27:06+00:00","description":"Guarda-s\u00f3is robustos e profissionais, ideais para hot\u00e9is, caf\u00e9s e esplanadas. Alta durabilidade, design elegante e prote\u00e7\u00e3o solar eficaz.","breadcrumb":{"@id":"https:\/\/www.jossois.com\/produto\/guarda-sol-elite\/#breadcrumb"},"inLanguage":"es","potentialAction":[{"@type":"ReadAction","target":["https:\/\/www.jossois.com\/produto\/guarda-sol-elite\/"]}]},{"@type":"ImageObject","inLanguage":"es","@id":"https:\/\/www.jossois.com\/produto\/guarda-sol-elite\/#primaryimage","url":"https:\/\/www.jossois.com\/wp-content\/uploads\/2023\/01\/guarda-sol-Elite.png","contentUrl":"https:\/\/www.jossois.com\/wp-content\/uploads\/2023\/01\/guarda-sol-Elite.png","width":900,"height":900,"caption":"guarda-sol Elite"},{"@type":"BreadcrumbList","@id":"https:\/\/www.jossois.com\/produto\/guarda-sol-elite\/#breadcrumb","itemListElement":[{"@type":"ListItem","position":1,"name":"In\u00edcio","item":"https:\/\/www.jossois.com\/es\/"},{"@type":"ListItem","position":2,"name":"Tienda","item":"https:\/\/www.jossois.com\/es\/tienda\/"},{"@type":"ListItem","position":3,"name":"Guarda-sol Elite Descentrado"}]},{"@type":"WebSite","@id":"https:\/\/www.jossois.com\/#website","url":"https:\/\/www.jossois.com\/","name":"Jossois","description":"Fabricante de Guarda-S\u00f3is e Guarda-Chuvas","potentialAction":[{"@type":"SearchAction","target":{"@type":"EntryPoint","urlTemplate":"https:\/\/www.jossois.com\/?s={search_term_string}"},"query-input":"required name=search_term_string"}],"inLanguage":"es"}]}},"_links":{"self":[{"href":"https:\/\/www.jossois.com\/es\/wp-json\/wp\/v2\/product\/2178","targetHints":{"allow":["GET"]}}],"collection":[{"href":"https:\/\/www.jossois.com\/es\/wp-json\/wp\/v2\/product"}],"about":[{"href":"https:\/\/www.jossois.com\/es\/wp-json\/wp\/v2\/types\/product"}],"replies":[{"embeddable":true,"href":"https:\/\/www.jossois.com\/es\/wp-json\/wp\/v2\/comments?post=2178"}],"wp:featuredmedia":[{"embeddable":true,"href":"https:\/\/www.jossois.com\/es\/wp-json\/wp\/v2\/media\/3781"}],"wp:attachment":[{"href":"https:\/\/www.jossois.com\/es\/wp-json\/wp\/v2\/media?parent=2178"}],"wp:term":[{"taxonomy":"product_cat","embeddable":true,"href":"https:\/\/www.jossois.com\/es\/wp-json\/wp\/v2\/product_cat?post=2178"},{"taxonomy":"product_tag","embeddable":true,"href":"https:\/\/www.jossois.com\/es\/wp-json\/wp\/v2\/product_tag?post=2178"}],"curies":[{"name":"wp","href":"https:\/\/api.w.org\/{rel}","templated":true}]}}